{"id":1046,"date":"2023-01-16T20:56:07","date_gmt":"2023-01-16T14:56:07","guid":{"rendered":"https:\/\/pifj-oea.org\/plataforma-educativa\/?post_type=courses&#038;p=1046"},"modified":"2023-02-03T11:33:55","modified_gmt":"2023-02-03T05:33:55","slug":"nociones-generales-de-derecho-publico-y-privado","status":"publish","type":"courses","link":"https:\/\/pifj-oea.org\/plataforma-educativa\/courses\/nociones-generales-de-derecho-publico-y-privado\/","title":{"rendered":"Nociones generales de derecho p\u00fablico y privado"},"content":{"rendered":"<p>Los temas desarrollados permitir\u00e1n dotar a las personas participantes de conocimientos y herramientas fundamentales para comprender el reconocimiento de la diversidad de familias y las concepciones amplias sobre su composici\u00f3n, particularmente frente a la violencia intrafamiliar; los deberes y derechos de las familias; el origen, causas y consecuencias de la violencia intrafamiliar, as\u00ed como los tipos de violencias; las formas de prevenci\u00f3n y las pol\u00edticas de abordaje de la violencia intrafamiliar.<\/p>\n","protected":false},"excerpt":{"rendered":"<p>Los temas desarrollados permitir\u00e1n dotar a las personas participantes de conocimientos y herramientas fundamentales para comprender el reconocimiento de la diversidad de familias y las concepciones amplias sobre su composici\u00f3n, particularmente frente a la violencia intrafamiliar; los deberes y derechos de las familias; el origen, causas y consecuencias de la violencia intrafamiliar, as\u00ed como los &hellip;<\/p>\n<p class=\"read-more\"> <a class=\"\" href=\"https:\/\/pifj-oea.org\/plataforma-educativa\/courses\/nociones-generales-de-derecho-publico-y-privado\/\"> <span class=\"screen-reader-text\">Nociones generales de derecho p\u00fablico y privado<\/span> Leer m\u00e1s &raquo;<\/a><\/p>\n","protected":false},"author":29,"featured_media":1047,"template":"","meta":{"site-sidebar-layout":"default","site-content-layout":"default","ast-global-header-display":"","ast-main-header-display":"","ast-hfb-above-header-display":"","ast-hfb-below-header-display":"","ast-hfb-mobile-header-display":"","site-post-title":"","ast-breadcrumbs-content":"","ast-featured-img":"","footer-sml-layout":"","theme-transparent-header-meta":"default","adv-header-id-meta":"","stick-header-meta":"","header-above-stick-meta":"","header-main-stick-meta":"","header-below-stick-meta":""},"course-category":[],"course-tag":[],"yoast_head":"<!-- This site is optimized with the Yoast SEO plugin v20.1 - https:\/\/yoast.com\/wordpress\/plugins\/seo\/ -->\n<title>Nociones generales de derecho p\u00fablico y privado - Plataforma Educativa<\/title>\n<meta name=\"robots\" content=\"noindex, follow, max-snippet:-1, max-image-preview:large, max-video-preview:-1\" \/>\n<meta property=\"og:locale\" content=\"es_ES\" \/>\n<meta property=\"og:type\" content=\"article\" \/>\n<meta property=\"og:title\" content=\"Nociones generales de derecho p\u00fablico y privado - Plataforma Educativa\" \/>\n<meta property=\"og:description\" content=\"Los temas desarrollados permitir\u00e1n dotar a las personas participantes de conocimientos y herramientas fundamentales para comprender el reconocimiento de la diversidad de familias y las concepciones amplias sobre su composici\u00f3n, particularmente frente a la violencia intrafamiliar; los deberes y derechos de las familias; el origen, causas y consecuencias de la violencia intrafamiliar, as\u00ed como los &hellip; Nociones generales de derecho p\u00fablico y privado Leer m\u00e1s &raquo;\" \/>\n<meta property=\"og:url\" content=\"https:\/\/pifj-oea.org\/plataforma-educativa\/courses\/nociones-generales-de-derecho-publico-y-privado\/\" \/>\n<meta property=\"og:site_name\" content=\"Plataforma Educativa\" \/>\n<meta property=\"article:modified_time\" content=\"2023-02-03T05:33:55+00:00\" \/>\n<meta property=\"og:image\" content=\"https:\/\/pifj-oea.org\/plataforma-educativa\/wp-content\/uploads\/2023\/01\/Caratula-Curso-Nociones-generales-de-derecho-piblico-y-privado.jpg\" \/>\n\t<meta property=\"og:image:width\" content=\"700\" \/>\n\t<meta property=\"og:image:height\" content=\"430\" \/>\n\t<meta property=\"og:image:type\" content=\"image\/jpeg\" \/>\n<meta name=\"twitter:card\" content=\"summary_large_image\" \/>\n<script type=\"application\/ld+json\" class=\"yoast-schema-graph\">{\"@context\":\"https:\/\/schema.org\",\"@graph\":[{\"@type\":\"WebPage\",\"@id\":\"https:\/\/pifj-oea.org\/plataforma-educativa\/courses\/nociones-generales-de-derecho-publico-y-privado\/\",\"url\":\"https:\/\/pifj-oea.org\/plataforma-educativa\/courses\/nociones-generales-de-derecho-publico-y-privado\/\",\"name\":\"Nociones generales de derecho p\u00fablico y privado - Plataforma Educativa\",\"isPartOf\":{\"@id\":\"https:\/\/pifj-oea.org\/plataforma-educativa\/#website\"},\"datePublished\":\"2023-01-16T14:56:07+00:00\",\"dateModified\":\"2023-02-03T05:33:55+00:00\",\"breadcrumb\":{\"@id\":\"https:\/\/pifj-oea.org\/plataforma-educativa\/courses\/nociones-generales-de-derecho-publico-y-privado\/#breadcrumb\"},\"inLanguage\":\"es\",\"potentialAction\":[{\"@type\":\"ReadAction\",\"target\":[\"https:\/\/pifj-oea.org\/plataforma-educativa\/courses\/nociones-generales-de-derecho-publico-y-privado\/\"]}]},{\"@type\":\"BreadcrumbList\",\"@id\":\"https:\/\/pifj-oea.org\/plataforma-educativa\/courses\/nociones-generales-de-derecho-publico-y-privado\/#breadcrumb\",\"itemListElement\":[{\"@type\":\"ListItem\",\"position\":1,\"name\":\"Portada\",\"item\":\"https:\/\/pifj-oea.org\/plataforma-educativa\/\"},{\"@type\":\"ListItem\",\"position\":2,\"name\":\"Cursos\",\"item\":\"https:\/\/pifj-oea.org\/plataforma-educativa\/courses\/\"},{\"@type\":\"ListItem\",\"position\":3,\"name\":\"Nociones generales de derecho p\u00fablico y privado\"}]},{\"@type\":\"WebSite\",\"@id\":\"https:\/\/pifj-oea.org\/plataforma-educativa\/#website\",\"url\":\"https:\/\/pifj-oea.org\/plataforma-educativa\/\",\"name\":\"Miembros El RocketLab\",\"description\":\"\u00c1rea de miembros Plataforma Educativa\",\"publisher\":{\"@id\":\"https:\/\/pifj-oea.org\/plataforma-educativa\/#organization\"},\"potentialAction\":[{\"@type\":\"SearchAction\",\"target\":{\"@type\":\"EntryPoint\",\"urlTemplate\":\"https:\/\/pifj-oea.org\/plataforma-educativa\/?s={search_term_string}\"},\"query-input\":\"required name=search_term_string\"}],\"inLanguage\":\"es\"},{\"@type\":\"Organization\",\"@id\":\"https:\/\/pifj-oea.org\/plataforma-educativa\/#organization\",\"name\":\"Escuela ElRocketLab\",\"url\":\"https:\/\/pifj-oea.org\/plataforma-educativa\/\",\"logo\":{\"@type\":\"ImageObject\",\"inLanguage\":\"es\",\"@id\":\"https:\/\/pifj-oea.org\/plataforma-educativa\/#\/schema\/logo\/image\/\",\"url\":\"\",\"contentUrl\":\"\",\"caption\":\"Escuela ElRocketLab\"},\"image\":{\"@id\":\"https:\/\/pifj-oea.org\/plataforma-educativa\/#\/schema\/logo\/image\/\"}}]}<\/script>\n<!-- \/ Yoast SEO plugin. -->","yoast_head_json":{"title":"Nociones generales de derecho p\u00fablico y privado - Plataforma Educativa","robots":{"index":"noindex","follow":"follow","max-snippet":"max-snippet:-1","max-image-preview":"max-image-preview:large","max-video-preview":"max-video-preview:-1"},"og_locale":"es_ES","og_type":"article","og_title":"Nociones generales de derecho p\u00fablico y privado - Plataforma Educativa","og_description":"Los temas desarrollados permitir\u00e1n dotar a las personas participantes de conocimientos y herramientas fundamentales para comprender el reconocimiento de la diversidad de familias y las concepciones amplias sobre su composici\u00f3n, particularmente frente a la violencia intrafamiliar; los deberes y derechos de las familias; el origen, causas y consecuencias de la violencia intrafamiliar, as\u00ed como los &hellip; Nociones generales de derecho p\u00fablico y privado Leer m\u00e1s &raquo;","og_url":"https:\/\/pifj-oea.org\/plataforma-educativa\/courses\/nociones-generales-de-derecho-publico-y-privado\/","og_site_name":"Plataforma Educativa","article_modified_time":"2023-02-03T05:33:55+00:00","og_image":[{"width":700,"height":430,"url":"https:\/\/pifj-oea.org\/plataforma-educativa\/wp-content\/uploads\/2023\/01\/Caratula-Curso-Nociones-generales-de-derecho-piblico-y-privado.jpg","type":"image\/jpeg"}],"twitter_card":"summary_large_image","schema":{"@context":"https:\/\/schema.org","@graph":[{"@type":"WebPage","@id":"https:\/\/pifj-oea.org\/plataforma-educativa\/courses\/nociones-generales-de-derecho-publico-y-privado\/","url":"https:\/\/pifj-oea.org\/plataforma-educativa\/courses\/nociones-generales-de-derecho-publico-y-privado\/","name":"Nociones generales de derecho p\u00fablico y privado - Plataforma Educativa","isPartOf":{"@id":"https:\/\/pifj-oea.org\/plataforma-educativa\/#website"},"datePublished":"2023-01-16T14:56:07+00:00","dateModified":"2023-02-03T05:33:55+00:00","breadcrumb":{"@id":"https:\/\/pifj-oea.org\/plataforma-educativa\/courses\/nociones-generales-de-derecho-publico-y-privado\/#breadcrumb"},"inLanguage":"es","potentialAction":[{"@type":"ReadAction","target":["https:\/\/pifj-oea.org\/plataforma-educativa\/courses\/nociones-generales-de-derecho-publico-y-privado\/"]}]},{"@type":"BreadcrumbList","@id":"https:\/\/pifj-oea.org\/plataforma-educativa\/courses\/nociones-generales-de-derecho-publico-y-privado\/#breadcrumb","itemListElement":[{"@type":"ListItem","position":1,"name":"Portada","item":"https:\/\/pifj-oea.org\/plataforma-educativa\/"},{"@type":"ListItem","position":2,"name":"Cursos","item":"https:\/\/pifj-oea.org\/plataforma-educativa\/courses\/"},{"@type":"ListItem","position":3,"name":"Nociones generales de derecho p\u00fablico y privado"}]},{"@type":"WebSite","@id":"https:\/\/pifj-oea.org\/plataforma-educativa\/#website","url":"https:\/\/pifj-oea.org\/plataforma-educativa\/","name":"Miembros El RocketLab","description":"\u00c1rea de miembros Plataforma Educativa","publisher":{"@id":"https:\/\/pifj-oea.org\/plataforma-educativa\/#organization"},"potentialAction":[{"@type":"SearchAction","target":{"@type":"EntryPoint","urlTemplate":"https:\/\/pifj-oea.org\/plataforma-educativa\/?s={search_term_string}"},"query-input":"required name=search_term_string"}],"inLanguage":"es"},{"@type":"Organization","@id":"https:\/\/pifj-oea.org\/plataforma-educativa\/#organization","name":"Escuela ElRocketLab","url":"https:\/\/pifj-oea.org\/plataforma-educativa\/","logo":{"@type":"ImageObject","inLanguage":"es","@id":"https:\/\/pifj-oea.org\/plataforma-educativa\/#\/schema\/logo\/image\/","url":"","contentUrl":"","caption":"Escuela ElRocketLab"},"image":{"@id":"https:\/\/pifj-oea.org\/plataforma-educativa\/#\/schema\/logo\/image\/"}}]}},"_links":{"self":[{"href":"https:\/\/pifj-oea.org\/plataforma-educativa\/wp-json\/wp\/v2\/courses\/1046"}],"collection":[{"href":"https:\/\/pifj-oea.org\/plataforma-educativa\/wp-json\/wp\/v2\/courses"}],"about":[{"href":"https:\/\/pifj-oea.org\/plataforma-educativa\/wp-json\/wp\/v2\/types\/courses"}],"author":[{"embeddable":true,"href":"https:\/\/pifj-oea.org\/plataforma-educativa\/wp-json\/wp\/v2\/users\/29"}],"wp:featuredmedia":[{"embeddable":true,"href":"https:\/\/pifj-oea.org\/plataforma-educativa\/wp-json\/wp\/v2\/media\/1047"}],"wp:attachment":[{"href":"https:\/\/pifj-oea.org\/plataforma-educativa\/wp-json\/wp\/v2\/media?parent=1046"}],"wp:term":[{"taxonomy":"course-category","embeddable":true,"href":"https:\/\/pifj-oea.org\/plataforma-educativa\/wp-json\/wp\/v2\/course-category?post=1046"},{"taxonomy":"course-tag","embeddable":true,"href":"https:\/\/pifj-oea.org\/plataforma-educativa\/wp-json\/wp\/v2\/course-tag?post=1046"}],"curies":[{"name":"wp","href":"https:\/\/api.w.org\/{rel}","templated":true}]}}